{"id":126,"date":"2021-03-24T14:11:42","date_gmt":"2021-03-24T13:11:42","guid":{"rendered":"https:\/\/neu.thomas-egger.ch\/excellents-reseaux\/"},"modified":"2024-03-17T09:40:17","modified_gmt":"2024-03-17T08:40:17","slug":"excellents-reseaux","status":"publish","type":"page","link":"https:\/\/www.thomas-egger.ch\/fr\/excellents-reseaux\/","title":{"rendered":"Excellents r\u00e9seaux"},"content":{"rendered":"\n<style type=\"text\/css\" data-created_by=\"avia_inline_auto\" id=\"style-css-av-43ygx-69fc87b6cb937a53059568e7539df18f\">\n.flex_column.av-43ygx-69fc87b6cb937a53059568e7539df18f{\nborder-radius:0px 0px 0px 0px;\npadding:0px 0px 0px 0px;\n}\n<\/style>\n<div  class='flex_column av-43ygx-69fc87b6cb937a53059568e7539df18f av_two_third  avia-builder-el-0  el_before_av_two_third  avia-builder-el-first  first flex_column_div av-zero-column-padding  '     ><section  class='av_textblock_section av-kmngbuud-d242ac3a58f42790904bb27c02ae6d29 '   itemscope=\"itemscope\" itemtype=\"https:\/\/schema.org\/CreativeWork\" ><div class='avia_textblock'  itemprop=\"text\" ><h1>Excellents r\u00e9seaux<\/h1>\n<p>Dans le cadre de mon travail, il est important de disposer d\u2019excellents r\u00e9seaux. Au niveau f\u00e9d\u00e9ral, il s\u2019agit des contacts avec les parlementaires, avec l\u2019administration f\u00e9d\u00e9rale et avec d\u2019autres organisations. Mais il est aussi important, de garder le contact avec la base, avec les cantons, les r\u00e9gions et commues, les organisations r\u00e9gionales et la population montagnarde. En plus, mon r\u00e9seau international me permet de m\u2019inspirer d\u2019id\u00e9es provenant d\u2019autres r\u00e9gions de montagne, tout en y exportant notre exp\u00e9rience.<\/p>\n<p>\u00a0<\/p>\n<p><strong>Politique f\u00e9d\u00e9rale \u2013 le niveau national<\/strong><\/p>\n<ul>\n<li><a href=\"http:\/\/www.parlament.ch\/f\/organe-mitglieder\/bundesversammlung\/adressen-websites-fotos\/Pages\/default.aspx\" target=\"_blank\" rel=\"noopener\">Groupe parlementaire montagne<\/a>\u00a0(regroupement informel d\u2019une centaine de parlementaires qui s\u2019int\u00e9ressent particuli\u00e8rement aux questions li\u00e9es \u00e0 la montagne) :\u00a0Secr\u00e9taire g\u00e9n\u00e9ral depuis 2002.<\/li>\n<li><a href=\"http:\/\/www.tourismusgemeinden.ch\/\" target=\"_blank\" rel=\"noopener\">Conf\u00e9rence des pr\u00e9sident(e)s des communes touristiques<\/a>\u00a0:\u00a0Secr\u00e9taire g\u00e9n\u00e9ral depuis 2002.<\/li>\n<li><a href=\"http:\/\/www.are.admin.ch\/dienstleistungen\/00902\/index.html?lang=fr\" target=\"_blank\" rel=\"noopener\">Conseil de l\u2019organisation du territoire COTER<\/a>\u00a0(organe consultatif du Conseil f\u00e9d\u00e9ral en mati\u00e8re d\u2019am\u00e9nagement du territoire et de politique r\u00e9gionale)\u00a0:\u00a0Membre de 2004 \u00e0 2019.<\/li>\n<li><a href=\"http:\/\/www.rorep.ch\/\" target=\"_blank\" rel=\"noopener\">Soci\u00e9t\u00e9 Suisse d\u2019\u00e9tudes pour l\u2019organisation du territoire et la politique r\u00e9gionale ROREP<\/a>\u00a0:\u00a0Membre du comit\u00e9 de 2002 \u2013 2012.<\/li>\n<li><a href=\"http:\/\/www.swisstourfed.ch\/\" target=\"_blank\" rel=\"noopener\">F\u00e9d\u00e9ration Suisse du Tourisme FST<\/a>\u00a0:\u00a0Membre de la commission politique \u00e9conomique resp. du Conseil Consultatif de\u00a02013 \u00e0 2019.<\/li>\n<\/ul>\n<\/div><\/section><\/div>\n\n<style type=\"text\/css\" data-created_by=\"avia_inline_auto\" id=\"style-css-av-3264p-89ff06570ed14e0620de7a898375bdb9\">\n.flex_column.av-3264p-89ff06570ed14e0620de7a898375bdb9{\nborder-radius:0px 0px 0px 0px;\npadding:0px 0px 0px 0px;\n}\n<\/style>\n<div  class='flex_column av-3264p-89ff06570ed14e0620de7a898375bdb9 av_two_third  avia-builder-el-2  el_after_av_two_third  el_before_av_two_third  first flex_column_div av-zero-column-padding  column-top-margin'     ><style type=\"text\/css\" data-created_by=\"avia_inline_auto\" id=\"style-css-av-kmngg2if-ddda94bdb6687e8bdb7f05bac8dbeefc\">\n.av-horizontal-gallery.av-kmngg2if-ddda94bdb6687e8bdb7f05bac8dbeefc{\npadding:3.75% 0px;;\n}\n.av-horizontal-gallery.av-kmngg2if-ddda94bdb6687e8bdb7f05bac8dbeefc .av-horizontal-gallery-inner{\npadding-bottom:25%;\n}\n<\/style>\n<div  class='av-horizontal-gallery av-kmngg2if-ddda94bdb6687e8bdb7f05bac8dbeefc av-horizontal-gallery-large-gap av-horizontal-gallery-enlarge-effect  avia-builder-el-3  avia-builder-el-no-sibling  av-slideshow-ui av-control-default av-slideshow-manual av-loop-once av-loop-manual-endless av-horizontal-gallery-1' data-slideshow-data=\"{&quot;enlarge&quot;:1.3,&quot;animation&quot;:&quot;slide&quot;,&quot;autoplay&quot;:false,&quot;loop_autoplay&quot;:&quot;once&quot;,&quot;interval&quot;:5,&quot;loop_manual&quot;:&quot;manual-endless&quot;,&quot;autoplay_stopper&quot;:false,&quot;noNavigation&quot;:false,&quot;bg_slider&quot;:false,&quot;keep_padding&quot;:&quot;&quot;,&quot;hoverpause&quot;:false,&quot;show_slide_delay&quot;:0}\"  itemprop=\"image\" itemscope=\"itemscope\" itemtype=\"https:\/\/schema.org\/ImageObject\" ><div class='avia-slideshow-arrows avia-slideshow-controls' ><a href='#prev' class='prev-slide av-horizontal-gallery-prev avia-svg-icon avia-font-svg_entypo-fontello' data-av_svg_icon='left-open-big' data-av_iconset='svg_entypo-fontello' tabindex='-1' title=\"Pr\u00e9c\u00e9dent\"><svg version=\"1.1\" xmlns=\"http:\/\/www.w3.org\/2000\/svg\" width=\"15\" height=\"32\" viewBox=\"0 0 15 32\" preserveAspectRatio=\"xMidYMid meet\" aria-labelledby='av-svg-title-1' aria-describedby='av-svg-desc-1' role=\"graphics-symbol\" aria-hidden=\"true\">\n<title id='av-svg-title-1'>Pr\u00e9c\u00e9dent<\/title>\n<desc id='av-svg-desc-1'>Pr\u00e9c\u00e9dent<\/desc>\n<path d=\"M14.464 27.84q0.832 0.832 0 1.536-0.832 0.832-1.536 0l-12.544-12.608q-0.768-0.768 0-1.6l12.544-12.608q0.704-0.832 1.536 0 0.832 0.704 0 1.536l-11.456 11.904z\"><\/path>\n<\/svg><span class='avia_hidden_link_text'>Pr\u00e9c\u00e9dent<\/span><\/a><a href='#next' class='next-slide av-horizontal-gallery-next avia-svg-icon avia-font-svg_entypo-fontello' data-av_svg_icon='right-open-big' data-av_iconset='svg_entypo-fontello' tabindex='-1' title=\"Suivant\"><svg version=\"1.1\" xmlns=\"http:\/\/www.w3.org\/2000\/svg\" width=\"15\" height=\"32\" viewBox=\"0 0 15 32\" preserveAspectRatio=\"xMidYMid meet\" aria-labelledby='av-svg-title-2' aria-describedby='av-svg-desc-2' role=\"graphics-symbol\" aria-hidden=\"true\">\n<title id='av-svg-title-2'>Suivant<\/title>\n<desc id='av-svg-desc-2'>Suivant<\/desc>\n<path d=\"M0.416 27.84l11.456-11.84-11.456-11.904q-0.832-0.832 0-1.536 0.832-0.832 1.536 0l12.544 12.608q0.768 0.832 0 1.6l-12.544 12.608q-0.704 0.832-1.536 0-0.832-0.704 0-1.536z\"><\/path>\n<\/svg><span class='avia_hidden_link_text'>Suivant<\/span><\/a><\/div><div class='avia-slideshow-dots avia-slideshow-controls av-horizontal-gallery-dots fade-in'><a href='#1' class='goto-slide active' >1<\/a><a href='#2' class='goto-slide ' >2<\/a><a href='#3' class='goto-slide ' >3<\/a><\/div><div class='av-horizontal-gallery-inner' data-av-height='25'><div class=\"av-horizontal-gallery-slider\"><div class=\"av-horizontal-gallery-wrap noHover\"><img decoding=\"async\" fetchpriority=\"high\" class='wp-image-117 avia-img-lazy-loading-not-117 av-horizontal-gallery-img' width=\"310\" height=\"225\" src=\"https:\/\/www.thomas-egger.ch\/wp-content\/uploads\/2021\/03\/fototecanal9.png\" title='fototecanal9' alt='' \/><a href=\"https:\/\/www.thomas-egger.ch\/wp-content\/uploads\/2021\/03\/fototecanal9.png\" class='av-horizontal-gallery-link avia-svg-icon avia-font-svg_entypo-fontello' data-av_svg_icon='resize-full' data-av_iconset='svg_entypo-fontello' title='fototecanal9' alt='' aria-label='Ouvrir l\u2019image dans une Lightbox: fototecanal9'><svg version=\"1.1\" xmlns=\"http:\/\/www.w3.org\/2000\/svg\" width=\"25\" height=\"32\" viewBox=\"0 0 25 32\" preserveAspectRatio=\"xMidYMid meet\" aria-labelledby='av-svg-title-3' aria-describedby='av-svg-desc-3' role=\"graphics-symbol\" aria-hidden=\"true\">\n<title id='av-svg-title-3'>Ouvrir l\u2019image dans une Lightbox: fototecanal9<\/title>\n<desc id='av-svg-desc-3'>Ouvrir l\u2019image dans une Lightbox: fototecanal9<\/desc>\n<path d=\"M15.232 3.328h10.112v10.112l-3.2-3.968-4.672 4.864-3.2-3.2 4.864-4.672zM7.872 17.536l3.2 3.2-4.864 4.672 3.904 3.2h-10.112v-10.112l3.2 3.904z\"><\/path>\n<\/svg><\/a><\/div><div class=\"av-horizontal-gallery-wrap noHover\"><img decoding=\"async\" fetchpriority=\"high\" class='wp-image-119 avia-img-lazy-loading-not-119 av-horizontal-gallery-img' width=\"310\" height=\"225\" src=\"https:\/\/www.thomas-egger.ch\/wp-content\/uploads\/2021\/03\/fototerhonealpes.jpg\" title='fototerhonealpes' alt='' \/><a href=\"https:\/\/www.thomas-egger.ch\/wp-content\/uploads\/2021\/03\/fototerhonealpes.jpg\" class='av-horizontal-gallery-link avia-svg-icon avia-font-svg_entypo-fontello' data-av_svg_icon='resize-full' data-av_iconset='svg_entypo-fontello' title='fototerhonealpes' alt='' aria-label='Ouvrir l\u2019image dans une Lightbox: fototerhonealpes'><svg version=\"1.1\" xmlns=\"http:\/\/www.w3.org\/2000\/svg\" width=\"25\" height=\"32\" viewBox=\"0 0 25 32\" preserveAspectRatio=\"xMidYMid meet\" aria-labelledby='av-svg-title-4' aria-describedby='av-svg-desc-4' role=\"graphics-symbol\" aria-hidden=\"true\">\n<title id='av-svg-title-4'>Ouvrir l\u2019image dans une Lightbox: fototerhonealpes<\/title>\n<desc id='av-svg-desc-4'>Ouvrir l\u2019image dans une Lightbox: fototerhonealpes<\/desc>\n<path d=\"M15.232 3.328h10.112v10.112l-3.2-3.968-4.672 4.864-3.2-3.2 4.864-4.672zM7.872 17.536l3.2 3.2-4.864 4.672 3.904 3.2h-10.112v-10.112l3.2 3.904z\"><\/path>\n<\/svg><\/a><\/div><div class=\"av-horizontal-gallery-wrap noHover\"><img decoding=\"async\" fetchpriority=\"high\" class='wp-image-121 avia-img-lazy-loading-not-121 av-horizontal-gallery-img' width=\"310\" height=\"225\" src=\"https:\/\/www.thomas-egger.ch\/wp-content\/uploads\/2021\/03\/fototetempimoderni.jpg\" title='fototetempimoderni' alt='' \/><a href=\"https:\/\/www.thomas-egger.ch\/wp-content\/uploads\/2021\/03\/fototetempimoderni.jpg\" class='av-horizontal-gallery-link avia-svg-icon avia-font-svg_entypo-fontello' data-av_svg_icon='resize-full' data-av_iconset='svg_entypo-fontello' title='fototetempimoderni' alt='' aria-label='Ouvrir l\u2019image dans une Lightbox: fototetempimoderni'><svg version=\"1.1\" xmlns=\"http:\/\/www.w3.org\/2000\/svg\" width=\"25\" height=\"32\" viewBox=\"0 0 25 32\" preserveAspectRatio=\"xMidYMid meet\" aria-labelledby='av-svg-title-5' aria-describedby='av-svg-desc-5' role=\"graphics-symbol\" aria-hidden=\"true\">\n<title id='av-svg-title-5'>Ouvrir l\u2019image dans une Lightbox: fototetempimoderni<\/title>\n<desc id='av-svg-desc-5'>Ouvrir l\u2019image dans une Lightbox: fototetempimoderni<\/desc>\n<path d=\"M15.232 3.328h10.112v10.112l-3.2-3.968-4.672 4.864-3.2-3.2 4.864-4.672zM7.872 17.536l3.2 3.2-4.864 4.672 3.904 3.2h-10.112v-10.112l3.2 3.904z\"><\/path>\n<\/svg><\/a><\/div><\/div><\/div><\/div><\/div>\n\n<style type=\"text\/css\" data-created_by=\"avia_inline_auto\" id=\"style-css-av-2vui9-c9dd312e4ad012f883a249f5045cfbea\">\n.flex_column.av-2vui9-c9dd312e4ad012f883a249f5045cfbea{\nborder-radius:0px 0px 0px 0px;\npadding:0px 0px 0px 0px;\n}\n<\/style>\n<div  class='flex_column av-2vui9-c9dd312e4ad012f883a249f5045cfbea av_two_third  avia-builder-el-4  el_after_av_two_third  el_before_av_two_third  first flex_column_div av-zero-column-padding  column-top-margin'     ><section  class='av_textblock_section av-kmngdhkl-3a70c4e81cec45460785f2a05ee6945c '   itemscope=\"itemscope\" itemtype=\"https:\/\/schema.org\/CreativeWork\" ><div class='avia_textblock'  itemprop=\"text\" ><p><strong>En lien avec la pratique \u2013 le niveau r\u00e9gional<\/strong><\/p>\n<ul>\n<li><a href=\"http:\/\/www.busalpin.ch\/\" target=\"_blank\" rel=\"noopener\">Bus alpin<\/a> (association pour l\u2019acc\u00e8s en transports publics des r\u00e9gions de montagne suisses):\u00a0Pr\u00e9sident depuis 2011.<\/li>\n<li>Oberwallis Verkehr und Tourismus\u00a0<a href=\"http:\/\/www.ovt.ch\/\" target=\"_blank\" rel=\"noopener\">OVT<\/a>: Vice-pr\u00e9sident de\u00a02017 \u00e0 2019, Pr\u00e9sident depuis 2019.<\/li>\n<li>Pr\u00e9sident de\u00a0<a href=\"http:\/\/ww.lignum-valais.ch\/\" target=\"_blank\" rel=\"noopener\">Lignum Valais-Wallis<\/a> de 2019 \u00e0 2024.<\/li>\n<li>Interprofession\u00a0<a href=\"http:\/\/www.raclette-du-valais.ch\/\" target=\"_blank\" rel=\"noopener\">Raclette du Valais AOP<\/a>: Pr\u00e9sident de 2017 \u00e0 2024.<\/li>\n<li><a href=\"http:\/\/www.serec.ch\/\" target=\"_blank\" rel=\"noopener\">SEREC S\u00e0rl<\/a> (fournit des prestations de conseils aux cantons, r\u00e9gions et communes dans le domaine du d\u00e9veloppement territorial) : Membre du comit\u00e9 depuis 2002 et pr\u00e9sident de 2012 \u00e0 2023.<\/li>\n<li>International Mountainbike Association\u00a0<a href=\"https:\/\/www.imbaschweiz.ch\/\" target=\"_blank\" rel=\"noopener\">IMBA Suisse<\/a>: Pr\u00e9sident de 2019 \u00e0 2022.<\/li>\n<li><a href=\"http:\/\/www.vs.prosenectute.ch\/cours-formation\/vieillir-valais-avec-senectute-1.html\" target=\"_blank\" rel=\"noopener\">Pro Senectute Valais<\/a>: Pr\u00e9sident de\u00a02017 \u00e0 2020.<\/li>\n<li>Vice-pr\u00e9sident du\u00a0<a href=\"http:\/\/www.1815.ch\/news\/wallis\/aktuell\/cspo-1\/\" target=\"_blank\" rel=\"noopener\">CSPO<\/a>,\u00a02017 &#8211; 2019.<\/li>\n<li><a href=\"http:\/\/www.globalforum-wallis.ch\/html\/advisory.html\" target=\"_blank\" rel=\"noopener\">Global Forum Wallis<\/a> : Membre de l\u2019Advisory Board de 2013 \u00e0 2021.<\/li>\n<li>Swiss Work Mobile SA (Travail \u00e0 domicile) :\u00a0Pr\u00e9sident du Conseil d\u2019administration 2012 \u2013 2014.<\/li>\n<li><a href=\"http:\/\/www.landschaftspark-binntal.ch\/\" target=\"_blank\" rel=\"noopener\">Parc r\u00e9gional du Binntal<\/a>\u00a0:\u00a0Membre du comit\u00e9 2005 \u2013 2007.<\/li>\n<li><a href=\"http:\/\/www.ecomuseum.ch\/\" target=\"_blank\" rel=\"noopener\">Comit\u00e9 de patronage Ecomuseum Simplon<\/a>\u00a0:\u00a0Membre de\u00a02009 \u00e0 2014.<\/li>\n<li><a href=\"http:\/\/www.jungfraualetsch.ch\/de\/projekte-im-welterbe\/welterbe-kristall.html\" target=\"_blank\" rel=\"noopener\">Patrimoine Mondial de l&rsquo;UNESCO Alpes Suisses Jungfrau-Aletsch<\/a>\u00a0:\u00a0Pr\u00e9sident du Jury pour le \u00ab\u00a0Welterbekristall\u00a0\u00bb de 2013 \u00e0 2019.<\/li>\n<\/ul>\n<\/div><\/section><\/div>\n<style type=\"text\/css\" data-created_by=\"avia_inline_auto\" id=\"style-css-av-mzvbl-cf82efcb0d18a3cf774ab6afe018b572\">\n.flex_column.av-mzvbl-cf82efcb0d18a3cf774ab6afe018b572{\nborder-radius:0px 0px 0px 0px;\npadding:0px 0px 0px 0px;\n}\n<\/style>\n<div  class='flex_column av-mzvbl-cf82efcb0d18a3cf774ab6afe018b572 av_two_third  avia-builder-el-6  el_after_av_two_third  el_before_av_two_third  first flex_column_div av-zero-column-padding  column-top-margin'     ><style type=\"text\/css\" data-created_by=\"avia_inline_auto\" id=\"style-css-av-kmngdzs1-01df02d77f283fbe759c4e1bf10f7a30\">\n.avia-image-container.av-kmngdzs1-01df02d77f283fbe759c4e1bf10f7a30 img.avia_image{\nbox-shadow:none;\n}\n.avia-image-container.av-kmngdzs1-01df02d77f283fbe759c4e1bf10f7a30 .av-image-caption-overlay-center{\ncolor:#ffffff;\n}\n<\/style>\n<div  class='avia-image-container av-kmngdzs1-01df02d77f283fbe759c4e1bf10f7a30 av-styling- avia-align-center  avia-builder-el-7  avia-builder-el-no-sibling '   itemprop=\"image\" itemscope=\"itemscope\" itemtype=\"https:\/\/schema.org\/ImageObject\" ><div class=\"avia-image-container-inner\"><div class=\"avia-image-overlay-wrap\"><img decoding=\"async\" fetchpriority=\"high\" class='wp-image-111 avia-img-lazy-loading-not-111 avia_image ' src=\"https:\/\/www.thomas-egger.ch\/wp-content\/uploads\/2021\/03\/2018-paerke-markt.jpg\" alt='' title='2018-paerke-markt'  height=\"660\" width=\"990\"  itemprop=\"thumbnailUrl\" srcset=\"https:\/\/www.thomas-egger.ch\/wp-content\/uploads\/2021\/03\/2018-paerke-markt.jpg 990w, https:\/\/www.thomas-egger.ch\/wp-content\/uploads\/2021\/03\/2018-paerke-markt-768x512.jpg 768w, https:\/\/www.thomas-egger.ch\/wp-content\/uploads\/2021\/03\/2018-paerke-markt-705x470.jpg 705w\" sizes=\"(max-width: 990px) 100vw, 990px\" \/><\/div><\/div><\/div><\/div><\/p>\n\n<style type=\"text\/css\" data-created_by=\"avia_inline_auto\" id=\"style-css-av-f90qp-d69d7e762a5a5cde77434c8ea5168212\">\n.flex_column.av-f90qp-d69d7e762a5a5cde77434c8ea5168212{\nborder-radius:0px 0px 0px 0px;\npadding:0px 0px 0px 0px;\n}\n<\/style>\n<div  class='flex_column av-f90qp-d69d7e762a5a5cde77434c8ea5168212 av_two_third  avia-builder-el-8  el_after_av_two_third  el_before_av_two_third  first flex_column_div av-zero-column-padding  column-top-margin'     ><section  class='av_textblock_section av-kmngchnr-694065269bd60c84c030ebca771db159 '   itemscope=\"itemscope\" itemtype=\"https:\/\/schema.org\/CreativeWork\" ><div class='avia_textblock'  itemprop=\"text\" ><p><strong>Le niveau international \u2013 s\u2019inspirer de nouvelles id\u00e9es et exporter ses exp\u00e9riences<\/strong><\/p>\n<ul>\n<li><a href=\"http:\/\/www.euromontana.org\/\" target=\"_blank\" rel=\"noopener\">Euromontana<\/a>\u00a0(association europ\u00e9enne des r\u00e9gions de montagne) :\u00a0Membre du comit\u00e9 depuis 2002.<\/li>\n<li><a href=\"https:\/\/www.alpine-region.eu\/\" target=\"_blank\" rel=\"noopener\">Macror\u00e9gion alpine<\/a>\u00a0: Co-leader du\u00a0<a href=\"https:\/\/www.alpine-region.eu\/action-group-5\" target=\"_blank\" rel=\"noopener\">groupe d&rsquo;action 5<\/a>\u00a0sur l&rsquo;accessibilit\u00e9 depuis 2015.<\/li>\n<li>Groupe d&rsquo;accompagnement de la\u00a0<a href=\"http:\" target=\"_blank\" rel=\"noopener\">\u00ab\u00a0<\/a><a href=\"http:\/\/www.plattformland.org\/2015\/06\/16\/diskussionsrunde-mit-experten-2\/\" target=\"_blank\" rel=\"noopener\">plateforme espace rural<\/a>\u00a0\u00bb\u00a0du Tyrol du Sud, membre depuis 2015.<\/li>\n<li><a href=\"https:\/\/www.ru.uni-kl.de\/seniorforschungsprofessur-stadtplanung\/wissenschaftliche-politikberatung\/beirat-fuer-kommunalentwicklung-rlp-bke\/mitglieder-des-bke\/\" target=\"_blank\" rel=\"noopener\">Conseil pour le d\u00e9veloppement territorial du Bundesland Rheinland-Pfalz<\/a>\u00a0(organe consultatif du gouvernement du \u00ab\u00a0Land\u00a0\u00bb en mati\u00e8re d\u2019organisation du territoire) :\u00a0Membre de\u00a02009 \u00e0 2019.<\/li>\n<li><a href=\"http:\/\/www.alpconv.org\/\" target=\"_blank\" rel=\"noopener\">Convention alpine<\/a>\u00a0:\u00a0Observateur de 2002 \u00e0 2012.<\/li>\n<li><a href=\"https:\/\/www.youtube.com\/watch?v=knKddrR43gE&#038;feature=youtu.be&#038;t=1h45m43s\" target=\"_blank\" rel=\"noopener\">Voir mon statement concernant la Macror\u00e9gion sur youtube<\/a><\/li>\n<\/ul>\n<\/div><\/section><\/div>\n\n<style type=\"text\/css\" data-created_by=\"avia_inline_auto\" id=\"style-css-av-6l215-1282db5dbe9af5d3a5e839dfed7cb6f4\">\n.flex_column.av-6l215-1282db5dbe9af5d3a5e839dfed7cb6f4{\nborder-radius:0px 0px 0px 0px;\npadding:0px 0px 0px 0px;\n}\n<\/style>\n<div  class='flex_column av-6l215-1282db5dbe9af5d3a5e839dfed7cb6f4 av_two_third  avia-builder-el-10  el_after_av_two_third  avia-builder-el-last  first flex_column_div av-zero-column-padding  column-top-margin'     ><style type=\"text\/css\" data-created_by=\"avia_inline_auto\" id=\"style-css-av-kmngeqg7-645f475251496f7dc385cde7b2ceec26\">\n.avia-image-container.av-kmngeqg7-645f475251496f7dc385cde7b2ceec26 img.avia_image{\nbox-shadow:none;\n}\n.avia-image-container.av-kmngeqg7-645f475251496f7dc385cde7b2ceec26 .av-image-caption-overlay-center{\ncolor:#ffffff;\n}\n<\/style>\n<div  class='avia-image-container av-kmngeqg7-645f475251496f7dc385cde7b2ceec26 av-styling- avia-align-center  avia-builder-el-11  avia-builder-el-no-sibling '   itemprop=\"image\" itemscope=\"itemscope\" itemtype=\"https:\/\/schema.org\/ImageObject\" ><div class=\"avia-image-container-inner\"><div class=\"avia-image-overlay-wrap\"><img decoding=\"async\" fetchpriority=\"high\" class='wp-image-113 avia-img-lazy-loading-not-113 avia_image ' src=\"https:\/\/www.thomas-egger.ch\/wp-content\/uploads\/2021\/03\/suedtirol-fachbeirat2019.jpg\" alt='' title='suedtirol-fachbeirat2019'  height=\"557\" width=\"990\"  itemprop=\"thumbnailUrl\" srcset=\"https:\/\/www.thomas-egger.ch\/wp-content\/uploads\/2021\/03\/suedtirol-fachbeirat2019.jpg 990w, https:\/\/www.thomas-egger.ch\/wp-content\/uploads\/2021\/03\/suedtirol-fachbeirat2019-768x432.jpg 768w, https:\/\/www.thomas-egger.ch\/wp-content\/uploads\/2021\/03\/suedtirol-fachbeirat2019-705x397.jpg 705w\" sizes=\"(max-width: 990px) 100vw, 990px\" \/><\/div><\/div><\/div><\/div>\n","protected":false},"excerpt":{"rendered":"","protected":false},"author":4,"featured_media":0,"parent":0,"menu_order":0,"comment_status":"closed","ping_status":"closed","template":"","meta":{"footnotes":""},"class_list":["post-126","page","type-page","status-publish","hentry"],"yoast_head":"<!-- This site is optimized with the Yoast SEO plugin v27.5 - https:\/\/yoast.com\/product\/yoast-seo-wordpress\/ -->\n<title>Excellents r\u00e9seaux - Thomas Egger<\/title>\n<meta name=\"robots\" content=\"index, follow, max-snippet:-1, max-image-preview:large, max-video-preview:-1\" \/>\n<link rel=\"canonical\" href=\"https:\/\/www.thomas-egger.ch\/fr\/excellents-reseaux\/\" \/>\n<meta property=\"og:locale\" content=\"fr_FR\" \/>\n<meta property=\"og:type\" content=\"article\" \/>\n<meta property=\"og:title\" content=\"Excellents r\u00e9seaux - Thomas Egger\" \/>\n<meta property=\"og:url\" content=\"https:\/\/www.thomas-egger.ch\/fr\/excellents-reseaux\/\" \/>\n<meta property=\"og:site_name\" content=\"Thomas Egger\" \/>\n<meta property=\"article:modified_time\" content=\"2024-03-17T08:40:17+00:00\" \/>\n<meta name=\"twitter:card\" content=\"summary_large_image\" \/>\n<meta name=\"twitter:label1\" content=\"Dur\u00e9e de lecture estim\u00e9e\" \/>\n\t<meta name=\"twitter:data1\" content=\"4 minutes\" \/>\n<script type=\"application\/ld+json\" class=\"yoast-schema-graph\">{\"@context\":\"https:\\\/\\\/schema.org\",\"@graph\":[{\"@type\":\"WebPage\",\"@id\":\"https:\\\/\\\/www.thomas-egger.ch\\\/fr\\\/excellents-reseaux\\\/\",\"url\":\"https:\\\/\\\/www.thomas-egger.ch\\\/fr\\\/excellents-reseaux\\\/\",\"name\":\"Excellents r\u00e9seaux - Thomas Egger\",\"isPartOf\":{\"@id\":\"https:\\\/\\\/www.thomas-egger.ch\\\/fr\\\/#website\"},\"datePublished\":\"2021-03-24T13:11:42+00:00\",\"dateModified\":\"2024-03-17T08:40:17+00:00\",\"breadcrumb\":{\"@id\":\"https:\\\/\\\/www.thomas-egger.ch\\\/fr\\\/excellents-reseaux\\\/#breadcrumb\"},\"inLanguage\":\"fr-FR\",\"potentialAction\":[{\"@type\":\"ReadAction\",\"target\":[\"https:\\\/\\\/www.thomas-egger.ch\\\/fr\\\/excellents-reseaux\\\/\"]}]},{\"@type\":\"BreadcrumbList\",\"@id\":\"https:\\\/\\\/www.thomas-egger.ch\\\/fr\\\/excellents-reseaux\\\/#breadcrumb\",\"itemListElement\":[{\"@type\":\"ListItem\",\"position\":1,\"name\":\"Startseite\",\"item\":\"https:\\\/\\\/www.thomas-egger.ch\\\/fr\\\/home\\\/\"},{\"@type\":\"ListItem\",\"position\":2,\"name\":\"Excellents r\u00e9seaux\"}]},{\"@type\":\"WebSite\",\"@id\":\"https:\\\/\\\/www.thomas-egger.ch\\\/fr\\\/#website\",\"url\":\"https:\\\/\\\/www.thomas-egger.ch\\\/fr\\\/\",\"name\":\"Thomas Egger\",\"description\":\"\",\"potentialAction\":[{\"@type\":\"SearchAction\",\"target\":{\"@type\":\"EntryPoint\",\"urlTemplate\":\"https:\\\/\\\/www.thomas-egger.ch\\\/fr\\\/?s={search_term_string}\"},\"query-input\":{\"@type\":\"PropertyValueSpecification\",\"valueRequired\":true,\"valueName\":\"search_term_string\"}}],\"inLanguage\":\"fr-FR\"}]}<\/script>\n<!-- \/ Yoast SEO plugin. -->","yoast_head_json":{"title":"Excellents r\u00e9seaux - Thomas Egger","robots":{"index":"index","follow":"follow","max-snippet":"max-snippet:-1","max-image-preview":"max-image-preview:large","max-video-preview":"max-video-preview:-1"},"canonical":"https:\/\/www.thomas-egger.ch\/fr\/excellents-reseaux\/","og_locale":"fr_FR","og_type":"article","og_title":"Excellents r\u00e9seaux - Thomas Egger","og_url":"https:\/\/www.thomas-egger.ch\/fr\/excellents-reseaux\/","og_site_name":"Thomas Egger","article_modified_time":"2024-03-17T08:40:17+00:00","twitter_card":"summary_large_image","twitter_misc":{"Dur\u00e9e de lecture estim\u00e9e":"4 minutes"},"schema":{"@context":"https:\/\/schema.org","@graph":[{"@type":"WebPage","@id":"https:\/\/www.thomas-egger.ch\/fr\/excellents-reseaux\/","url":"https:\/\/www.thomas-egger.ch\/fr\/excellents-reseaux\/","name":"Excellents r\u00e9seaux - Thomas Egger","isPartOf":{"@id":"https:\/\/www.thomas-egger.ch\/fr\/#website"},"datePublished":"2021-03-24T13:11:42+00:00","dateModified":"2024-03-17T08:40:17+00:00","breadcrumb":{"@id":"https:\/\/www.thomas-egger.ch\/fr\/excellents-reseaux\/#breadcrumb"},"inLanguage":"fr-FR","potentialAction":[{"@type":"ReadAction","target":["https:\/\/www.thomas-egger.ch\/fr\/excellents-reseaux\/"]}]},{"@type":"BreadcrumbList","@id":"https:\/\/www.thomas-egger.ch\/fr\/excellents-reseaux\/#breadcrumb","itemListElement":[{"@type":"ListItem","position":1,"name":"Startseite","item":"https:\/\/www.thomas-egger.ch\/fr\/home\/"},{"@type":"ListItem","position":2,"name":"Excellents r\u00e9seaux"}]},{"@type":"WebSite","@id":"https:\/\/www.thomas-egger.ch\/fr\/#website","url":"https:\/\/www.thomas-egger.ch\/fr\/","name":"Thomas Egger","description":"","potentialAction":[{"@type":"SearchAction","target":{"@type":"EntryPoint","urlTemplate":"https:\/\/www.thomas-egger.ch\/fr\/?s={search_term_string}"},"query-input":{"@type":"PropertyValueSpecification","valueRequired":true,"valueName":"search_term_string"}}],"inLanguage":"fr-FR"}]}},"_links":{"self":[{"href":"https:\/\/www.thomas-egger.ch\/fr\/wp-json\/wp\/v2\/pages\/126","targetHints":{"allow":["GET"]}}],"collection":[{"href":"https:\/\/www.thomas-egger.ch\/fr\/wp-json\/wp\/v2\/pages"}],"about":[{"href":"https:\/\/www.thomas-egger.ch\/fr\/wp-json\/wp\/v2\/types\/page"}],"author":[{"embeddable":true,"href":"https:\/\/www.thomas-egger.ch\/fr\/wp-json\/wp\/v2\/users\/4"}],"replies":[{"embeddable":true,"href":"https:\/\/www.thomas-egger.ch\/fr\/wp-json\/wp\/v2\/comments?post=126"}],"version-history":[{"count":9,"href":"https:\/\/www.thomas-egger.ch\/fr\/wp-json\/wp\/v2\/pages\/126\/revisions"}],"predecessor-version":[{"id":2915,"href":"https:\/\/www.thomas-egger.ch\/fr\/wp-json\/wp\/v2\/pages\/126\/revisions\/2915"}],"wp:attachment":[{"href":"https:\/\/www.thomas-egger.ch\/fr\/wp-json\/wp\/v2\/media?parent=126"}],"curies":[{"name":"wp","href":"https:\/\/api.w.org\/{rel}","templated":true}]}}