{"id":208,"date":"2021-03-24T15:38:04","date_gmt":"2021-03-24T14:38:04","guid":{"rendered":"https:\/\/neu.thomas-egger.ch\/un-paquet-de-deregulations-pour-contrer-les-effets-du-franc-fort\/"},"modified":"2025-03-07T07:47:26","modified_gmt":"2025-03-07T06:47:26","slug":"un-paquet-de-deregulations-pour-contrer-les-effets-du-franc-fort","status":"publish","type":"page","link":"https:\/\/www.thomas-egger.ch\/fr\/tres-bonnes-connaissances-des-dossiers-politiques\/un-paquet-de-deregulations-pour-contrer-les-effets-du-franc-fort\/","title":{"rendered":"Un paquet de d\u00e9r\u00e9gulations pour contrer les effets du franc fort"},"content":{"rendered":"\n<style type=\"text\/css\" data-created_by=\"avia_inline_auto\" id=\"style-css-av-bcydn-5fd419ba4ae7cf372d961f4fe131f9b7\">\n.flex_column.av-bcydn-5fd419ba4ae7cf372d961f4fe131f9b7{\nborder-radius:0px 0px 0px 0px;\npadding:0px 0px 0px 0px;\n}\n<\/style>\n<div  class='flex_column av-bcydn-5fd419ba4ae7cf372d961f4fe131f9b7 av_two_third  avia-builder-el-0  avia-builder-el-no-sibling  first flex_column_div av-zero-column-padding  '     ><section  class='av_textblock_section av-kmnjvtbh-4452ecf1e5ed40c782a3d9658e35b257 '   itemscope=\"itemscope\" itemtype=\"https:\/\/schema.org\/CreativeWork\" ><div class='avia_textblock'  itemprop=\"text\" ><h1>Un paquet de d\u00e9r\u00e9gulations pour contrer les effets du franc fort<\/h1>\n<p>Apr\u00e8s l\u2019acceptation de l\u2019initiative populaire sur les r\u00e9sidences secondaires et l\u2019initiative populaire sur l\u2019immigration en masse, l\u2019abandon du taux plancher entre le franc suisse et l\u2019Euro constitue le troisi\u00e8me choc externe qui \u00e9branle la Suisse et plus particuli\u00e8rement les r\u00e9gions de montagne. Ce sont surtout les branches exportatrices, comme le tourisme, l\u2019industrie, la sylviculture et l\u2019agriculture, qui en souffrent. Il nous faut maintenant des mesures qui produisent des effets \u00e0 long terme. Les mesures propos\u00e9es par le Conseil f\u00e9d\u00e9ral, \u00e0 la mi-f\u00e9vrier 2015, vont dans la bonne direction mais sont toutefois insuffisants. Il est actuellement n\u00e9cessaire de r\u00e9duire des charges administrative souvent trop importantes. Un des succ\u00e8s remport\u00e9 est p.ex. constitu\u00e9 par l\u2019exon\u00e9ration, pour les engins servant \u00e0 pr\u00e9parer les pistes de ski, de la taxe sur les huiles min\u00e9rales. Cette mesure peut soulager les remont\u00e9es m\u00e9caniques de 8 \u00e0 10 millions de francs par ann\u00e9e.<\/p>\n<ul>\n<li><a href=\"https:\/\/www.thomas-egger.ch\/wp-content\/uploads\/2021\/03\/communiqueedepressesurlesmesuresdaccompagnement.pdf\" target=\"_blank\" rel=\"noopener\">Communiqu\u00e9e de presse sur les mesures d\u2019accompagnement<\/a><\/li>\n<li><a href=\"https:\/\/www.thomas-egger.ch\/wp-content\/uploads\/2021\/03\/sommertourismus-nurmitmarketingistesnichtgetan.pdf\" target=\"_blank\" rel=\"noopener\">Encourager le tourisme estival \u2013 il faut plus que seulement du marketing<\/a><\/li>\n<li><a href=\"https:\/\/www.thomas-egger.ch\/wp-content\/uploads\/2021\/03\/lefinancementdesremonteesmecaniques.pdf\" target=\"_blank\" rel=\"noopener\">Le financement des remont\u00e9es m\u00e9caniques<\/a><\/li>\n<li>R\u00e9duction des charges administratives pour les remont\u00e9s m\u00e9caniques, interview sur\u00a0<a href=\"http:\/\/www.rhonefm.ch\/fr\/news\/site\/\/toutes-les-remontees-mecaniques-du-pays-ne-survivront-pas-557901\" target=\"_blank\" rel=\"noopener\">Rh\u00f4neFM<\/a><\/li>\n<li><a href=\"http:\/\/www.sab.ch\/fr\/home\/news-detail-fr\/news\/die-sab-bekaempft-die-administrativen-lasten-im-berggebiet.html?cHash=7d3a30b44d254954bbfd4dca4c93dd7d\" target=\"_blank\" rel=\"noopener\">Rapport<\/a>\u00a0du SAB sur les charges administratives pour les r\u00e9gions de montagne et article dans \u00ab\u00a0<a href=\"http:\/\/dievolkswirtschaft.ch\/fr\/2017\/09\/egger-10-2017fr\/\" target=\"_blank\" rel=\"noopener\">la vie \u00e9conomique<\/a>\u00ab\u00a0.<\/li>\n<li>Les charges administratives entravent le d\u00e9veloppement des r\u00e9gions de montagne.\u00a0<a href=\"https:\/\/www.thomas-egger.ch\/wp-content\/uploads\/2021\/03\/montagna.pdf\">Article<\/a>\u00a0dans la revue Montagna.<\/li>\n<li>15 juillet 2018:\u00a0Le sort des sites prot\u00e9g\u00e9es suscite une \u00e9norme bataille. Article dans\u00a0<a href=\"https:\/\/www.thomas-egger.ch\/wp-content\/uploads\/2021\/03\/lematin.pdf\" target=\"_blank\" rel=\"noopener\">Le Matin<\/a>.<\/li>\n<li>3 mars 2025: La num\u00e9risation est une opportunit\u00e9 pour les r\u00e9gions de montagne. <a href=\"https:\/\/www.thomas-egger.ch\/wp-content\/uploads\/2025\/03\/Digitalisierung-Editorial-Montagna-3-2025.pdf\" target=\"_blank\" rel=\"noopener\">Edito<\/a> dans la revue Montagna.<\/li>\n<\/ul>\n<\/div><\/section><br \/>\n\n<style type=\"text\/css\" data-created_by=\"avia_inline_auto\" id=\"style-css-av-kmnjw52h-c28d0897f133a3bc5a952525226a2dfb\">\n.avia-image-container.av-kmnjw52h-c28d0897f133a3bc5a952525226a2dfb img.avia_image{\nbox-shadow:none;\n}\n.avia-image-container.av-kmnjw52h-c28d0897f133a3bc5a952525226a2dfb .av-image-caption-overlay-center{\ncolor:#ffffff;\n}\n<\/style>\n<div  class='avia-image-container av-kmnjw52h-c28d0897f133a3bc5a952525226a2dfb av-styling- avia-align-center  avia-builder-el-2  el_after_av_textblock  avia-builder-el-last '   itemprop=\"image\" itemscope=\"itemscope\" itemtype=\"https:\/\/schema.org\/ImageObject\" ><div class=\"avia-image-container-inner\"><div class=\"avia-image-overlay-wrap\"><img decoding=\"async\" fetchpriority=\"high\" class='wp-image-205 avia-img-lazy-loading-not-205 avia_image ' src=\"https:\/\/www.thomas-egger.ch\/wp-content\/uploads\/2021\/03\/leukerbad1-august_3-1.jpg\" alt='' title='leukerbad1-august_3 (1)'  height=\"742\" width=\"990\"  itemprop=\"thumbnailUrl\" srcset=\"https:\/\/www.thomas-egger.ch\/wp-content\/uploads\/2021\/03\/leukerbad1-august_3-1.jpg 990w, https:\/\/www.thomas-egger.ch\/wp-content\/uploads\/2021\/03\/leukerbad1-august_3-1-768x576.jpg 768w, https:\/\/www.thomas-egger.ch\/wp-content\/uploads\/2021\/03\/leukerbad1-august_3-1-705x528.jpg 705w\" sizes=\"(max-width: 990px) 100vw, 990px\" \/><\/div><\/div><\/div><\/p><\/div>\n","protected":false},"excerpt":{"rendered":"","protected":false},"author":4,"featured_media":0,"parent":352,"menu_order":0,"comment_status":"closed","ping_status":"closed","template":"","meta":{"footnotes":""},"class_list":["post-208","page","type-page","status-publish","hentry"],"yoast_head":"<!-- This site is optimized with the Yoast SEO plugin v27.5 - https:\/\/yoast.com\/product\/yoast-seo-wordpress\/ -->\n<title>Un paquet de d\u00e9r\u00e9gulations pour contrer les effets du franc fort - Thomas Egger<\/title>\n<meta name=\"robots\" content=\"index, follow, max-snippet:-1, max-image-preview:large, max-video-preview:-1\" \/>\n<link rel=\"canonical\" href=\"https:\/\/www.thomas-egger.ch\/fr\/tres-bonnes-connaissances-des-dossiers-politiques\/un-paquet-de-deregulations-pour-contrer-les-effets-du-franc-fort\/\" \/>\n<meta property=\"og:locale\" content=\"fr_FR\" \/>\n<meta property=\"og:type\" content=\"article\" \/>\n<meta property=\"og:title\" content=\"Un paquet de d\u00e9r\u00e9gulations pour contrer les effets du franc fort - Thomas Egger\" \/>\n<meta property=\"og:url\" content=\"https:\/\/www.thomas-egger.ch\/fr\/tres-bonnes-connaissances-des-dossiers-politiques\/un-paquet-de-deregulations-pour-contrer-les-effets-du-franc-fort\/\" \/>\n<meta property=\"og:site_name\" content=\"Thomas Egger\" \/>\n<meta property=\"article:modified_time\" content=\"2025-03-07T06:47:26+00:00\" \/>\n<meta name=\"twitter:card\" content=\"summary_large_image\" \/>\n<meta name=\"twitter:label1\" content=\"Dur\u00e9e de lecture estim\u00e9e\" \/>\n\t<meta name=\"twitter:data1\" content=\"2 minutes\" \/>\n<script type=\"application\/ld+json\" class=\"yoast-schema-graph\">{\"@context\":\"https:\\\/\\\/schema.org\",\"@graph\":[{\"@type\":\"WebPage\",\"@id\":\"https:\\\/\\\/www.thomas-egger.ch\\\/fr\\\/tres-bonnes-connaissances-des-dossiers-politiques\\\/un-paquet-de-deregulations-pour-contrer-les-effets-du-franc-fort\\\/\",\"url\":\"https:\\\/\\\/www.thomas-egger.ch\\\/fr\\\/tres-bonnes-connaissances-des-dossiers-politiques\\\/un-paquet-de-deregulations-pour-contrer-les-effets-du-franc-fort\\\/\",\"name\":\"Un paquet de d\u00e9r\u00e9gulations pour contrer les effets du franc fort - Thomas Egger\",\"isPartOf\":{\"@id\":\"https:\\\/\\\/www.thomas-egger.ch\\\/fr\\\/#website\"},\"datePublished\":\"2021-03-24T14:38:04+00:00\",\"dateModified\":\"2025-03-07T06:47:26+00:00\",\"breadcrumb\":{\"@id\":\"https:\\\/\\\/www.thomas-egger.ch\\\/fr\\\/tres-bonnes-connaissances-des-dossiers-politiques\\\/un-paquet-de-deregulations-pour-contrer-les-effets-du-franc-fort\\\/#breadcrumb\"},\"inLanguage\":\"fr-FR\",\"potentialAction\":[{\"@type\":\"ReadAction\",\"target\":[\"https:\\\/\\\/www.thomas-egger.ch\\\/fr\\\/tres-bonnes-connaissances-des-dossiers-politiques\\\/un-paquet-de-deregulations-pour-contrer-les-effets-du-franc-fort\\\/\"]}]},{\"@type\":\"BreadcrumbList\",\"@id\":\"https:\\\/\\\/www.thomas-egger.ch\\\/fr\\\/tres-bonnes-connaissances-des-dossiers-politiques\\\/un-paquet-de-deregulations-pour-contrer-les-effets-du-franc-fort\\\/#breadcrumb\",\"itemListElement\":[{\"@type\":\"ListItem\",\"position\":1,\"name\":\"Startseite\",\"item\":\"https:\\\/\\\/www.thomas-egger.ch\\\/fr\\\/home\\\/\"},{\"@type\":\"ListItem\",\"position\":2,\"name\":\"Tr\u00e8s bonnes connaissances des dossiers politiques\",\"item\":\"https:\\\/\\\/www.thomas-egger.ch\\\/fr\\\/tres-bonnes-connaissances-des-dossiers-politiques\\\/\"},{\"@type\":\"ListItem\",\"position\":3,\"name\":\"Un paquet de d\u00e9r\u00e9gulations pour contrer les effets du franc fort\"}]},{\"@type\":\"WebSite\",\"@id\":\"https:\\\/\\\/www.thomas-egger.ch\\\/fr\\\/#website\",\"url\":\"https:\\\/\\\/www.thomas-egger.ch\\\/fr\\\/\",\"name\":\"Thomas Egger\",\"description\":\"\",\"potentialAction\":[{\"@type\":\"SearchAction\",\"target\":{\"@type\":\"EntryPoint\",\"urlTemplate\":\"https:\\\/\\\/www.thomas-egger.ch\\\/fr\\\/?s={search_term_string}\"},\"query-input\":{\"@type\":\"PropertyValueSpecification\",\"valueRequired\":true,\"valueName\":\"search_term_string\"}}],\"inLanguage\":\"fr-FR\"}]}<\/script>\n<!-- \/ Yoast SEO plugin. -->","yoast_head_json":{"title":"Un paquet de d\u00e9r\u00e9gulations pour contrer les effets du franc fort - Thomas Egger","robots":{"index":"index","follow":"follow","max-snippet":"max-snippet:-1","max-image-preview":"max-image-preview:large","max-video-preview":"max-video-preview:-1"},"canonical":"https:\/\/www.thomas-egger.ch\/fr\/tres-bonnes-connaissances-des-dossiers-politiques\/un-paquet-de-deregulations-pour-contrer-les-effets-du-franc-fort\/","og_locale":"fr_FR","og_type":"article","og_title":"Un paquet de d\u00e9r\u00e9gulations pour contrer les effets du franc fort - Thomas Egger","og_url":"https:\/\/www.thomas-egger.ch\/fr\/tres-bonnes-connaissances-des-dossiers-politiques\/un-paquet-de-deregulations-pour-contrer-les-effets-du-franc-fort\/","og_site_name":"Thomas Egger","article_modified_time":"2025-03-07T06:47:26+00:00","twitter_card":"summary_large_image","twitter_misc":{"Dur\u00e9e de lecture estim\u00e9e":"2 minutes"},"schema":{"@context":"https:\/\/schema.org","@graph":[{"@type":"WebPage","@id":"https:\/\/www.thomas-egger.ch\/fr\/tres-bonnes-connaissances-des-dossiers-politiques\/un-paquet-de-deregulations-pour-contrer-les-effets-du-franc-fort\/","url":"https:\/\/www.thomas-egger.ch\/fr\/tres-bonnes-connaissances-des-dossiers-politiques\/un-paquet-de-deregulations-pour-contrer-les-effets-du-franc-fort\/","name":"Un paquet de d\u00e9r\u00e9gulations pour contrer les effets du franc fort - Thomas Egger","isPartOf":{"@id":"https:\/\/www.thomas-egger.ch\/fr\/#website"},"datePublished":"2021-03-24T14:38:04+00:00","dateModified":"2025-03-07T06:47:26+00:00","breadcrumb":{"@id":"https:\/\/www.thomas-egger.ch\/fr\/tres-bonnes-connaissances-des-dossiers-politiques\/un-paquet-de-deregulations-pour-contrer-les-effets-du-franc-fort\/#breadcrumb"},"inLanguage":"fr-FR","potentialAction":[{"@type":"ReadAction","target":["https:\/\/www.thomas-egger.ch\/fr\/tres-bonnes-connaissances-des-dossiers-politiques\/un-paquet-de-deregulations-pour-contrer-les-effets-du-franc-fort\/"]}]},{"@type":"BreadcrumbList","@id":"https:\/\/www.thomas-egger.ch\/fr\/tres-bonnes-connaissances-des-dossiers-politiques\/un-paquet-de-deregulations-pour-contrer-les-effets-du-franc-fort\/#breadcrumb","itemListElement":[{"@type":"ListItem","position":1,"name":"Startseite","item":"https:\/\/www.thomas-egger.ch\/fr\/home\/"},{"@type":"ListItem","position":2,"name":"Tr\u00e8s bonnes connaissances des dossiers politiques","item":"https:\/\/www.thomas-egger.ch\/fr\/tres-bonnes-connaissances-des-dossiers-politiques\/"},{"@type":"ListItem","position":3,"name":"Un paquet de d\u00e9r\u00e9gulations pour contrer les effets du franc fort"}]},{"@type":"WebSite","@id":"https:\/\/www.thomas-egger.ch\/fr\/#website","url":"https:\/\/www.thomas-egger.ch\/fr\/","name":"Thomas Egger","description":"","potentialAction":[{"@type":"SearchAction","target":{"@type":"EntryPoint","urlTemplate":"https:\/\/www.thomas-egger.ch\/fr\/?s={search_term_string}"},"query-input":{"@type":"PropertyValueSpecification","valueRequired":true,"valueName":"search_term_string"}}],"inLanguage":"fr-FR"}]}},"_links":{"self":[{"href":"https:\/\/www.thomas-egger.ch\/fr\/wp-json\/wp\/v2\/pages\/208","targetHints":{"allow":["GET"]}}],"collection":[{"href":"https:\/\/www.thomas-egger.ch\/fr\/wp-json\/wp\/v2\/pages"}],"about":[{"href":"https:\/\/www.thomas-egger.ch\/fr\/wp-json\/wp\/v2\/types\/page"}],"author":[{"embeddable":true,"href":"https:\/\/www.thomas-egger.ch\/fr\/wp-json\/wp\/v2\/users\/4"}],"replies":[{"embeddable":true,"href":"https:\/\/www.thomas-egger.ch\/fr\/wp-json\/wp\/v2\/comments?post=208"}],"version-history":[{"count":5,"href":"https:\/\/www.thomas-egger.ch\/fr\/wp-json\/wp\/v2\/pages\/208\/revisions"}],"predecessor-version":[{"id":3387,"href":"https:\/\/www.thomas-egger.ch\/fr\/wp-json\/wp\/v2\/pages\/208\/revisions\/3387"}],"up":[{"embeddable":true,"href":"https:\/\/www.thomas-egger.ch\/fr\/wp-json\/wp\/v2\/pages\/352"}],"wp:attachment":[{"href":"https:\/\/www.thomas-egger.ch\/fr\/wp-json\/wp\/v2\/media?parent=208"}],"curies":[{"name":"wp","href":"https:\/\/api.w.org\/{rel}","templated":true}]}}