{"id":224,"date":"2021-03-24T15:57:10","date_gmt":"2021-03-24T14:57:10","guid":{"rendered":"https:\/\/neu.thomas-egger.ch\/le-role-porteur-de-lindustrie-et-de-lartisanat\/"},"modified":"2025-10-16T15:20:49","modified_gmt":"2025-10-16T13:20:49","slug":"le-role-porteur-de-lindustrie-et-de-lartisanat","status":"publish","type":"page","link":"https:\/\/www.thomas-egger.ch\/fr\/tres-bonnes-connaissances-des-dossiers-politiques\/le-role-porteur-de-lindustrie-et-de-lartisanat\/","title":{"rendered":"Le r\u00f4le porteur de l\u2019industrie et de l\u2019artisanat"},"content":{"rendered":"\n<style type=\"text\/css\" data-created_by=\"avia_inline_auto\" id=\"style-css-av-73d2j-68368bbf9146e8efa98c90981e434a62\">\n.flex_column.av-73d2j-68368bbf9146e8efa98c90981e434a62{\nborder-radius:0px 0px 0px 0px;\npadding:0px 0px 0px 0px;\n}\n<\/style>\n<div  class='flex_column av-73d2j-68368bbf9146e8efa98c90981e434a62 av_two_third  avia-builder-el-0  avia-builder-el-no-sibling  first flex_column_div av-zero-column-padding  '     ><section  class='av_textblock_section av-kmnkjq7k-15c1b4c8d2ab5c7e245fc003b6997b5d '   itemscope=\"itemscope\" itemtype=\"https:\/\/schema.org\/CreativeWork\" ><div class='avia_textblock'  itemprop=\"text\" ><h1>Le r\u00f4le porteur de l\u2019industrie et de l\u2019artisanat<\/h1>\n<p>L\u2019importance de l\u2019industrie et de l\u2019artisanat en r\u00e9gions de montagne est souvent sous-estim\u00e9e. Dans le canton du Valais, l\u2019industrie contribue pour un tiers du produit brut int\u00e9rieur. Par cons\u00e9quent, il est important d\u2019accorder une place plus importante \u00e0 l\u2019industrie et \u00e0 l\u2019artisanat, au sein de la politique f\u00e9d\u00e9rale (surtout dans l\u2019id\u00e9e de r\u00e9duire les charges administratives et autres contraintes). Des pistes pour y parvenir sont d\u00e9crites, entre autres, dans le plan d\u2019action \u00e9conomie.<\/p>\n<ul>\n<li>14 octobre 2025: <a href=\"https:\/\/baumeister.swiss\/fr\/regions-porteuses-davenir\/\" target=\"_blank\" rel=\"noopener\">Edito<\/a> sur l&rsquo;avenir des r\u00e9gions de montagne dans la revue de la Soci\u00e9t\u00e9 Suisse des Entrepreneurs.<\/li>\n<li>16 octobre 2024:\u00a0L\u2019avenir des cha\u00eenes de valeur dans les r\u00e9gions de montagne europ\u00e9ennes. Discours introductif aux <a href=\"https:\/\/www.euromontana.org\/fr\/emc-programme-fr\/\" target=\"_blank\" rel=\"noopener\">Assises europ\u00e9ennes de la montagne<\/a> \u00e0 Puigcerd\u00e0. Lien \u00e0 la\u00a0<a href=\"https:\/\/www.youtube.com\/watch?v=q3ugZxCdJQI&amp;list=PLU2iqCgdlWhisKU_RTVzKbI19HX2sDvAO&amp;index=9\" target=\"_blank\" rel=\"noopener\">video<\/a> (en anglais) et toutes les <a href=\"https:\/\/www.euromontana.org\/outcomes\/\" target=\"_blank\" rel=\"noopener\">pr\u00e9sentations<\/a>.<\/li>\n<li>Expos\u00e9 du 20 janvier 2017 (en allemand) sur l&rsquo;importance de l&rsquo;industrie pour les r\u00e9gions de montagne:\u00a0\u00ab\u00a0<a href=\"https:\/\/www.thomas-egger.ch\/wp-content\/uploads\/2021\/03\/dieindustrieimberggebietderoftvergessenewirtschaftsfaktor.pdf\" target=\"_blank\" rel=\"noopener\">Die Industrie im Berggebiet \u2013 der oft vergessene Wirtschaftsfaktor<\/a>\u201c.<\/li>\n<li><a href=\"https:\/\/www.thomas-egger.ch\/wp-content\/uploads\/2021\/03\/rollederindustrieimberggebiet.pdf\" target=\"_blank\" rel=\"noopener\">Le r\u00f4le de l\u2019industrie en r\u00e9gions de montagne<\/a><\/li>\n<li><a href=\"https:\/\/www.thomas-egger.ch\/wp-content\/uploads\/2021\/03\/pmedanslesregionsdemontagnelesbonsexemples.pdf\" target=\"_blank\" rel=\"noopener\">PME dans les r\u00e9gions de montagne \u2013 les bons exemples<\/a><\/li>\n<li><a href=\"https:\/\/www.thomas-egger.ch\/wp-content\/uploads\/2021\/03\/plandactioneconomique.pdf\" target=\"_blank\" rel=\"noopener\">Plan d\u2019action \u00e9conomique<\/a><\/li>\n<\/ul>\n<\/div><\/section><br \/>\n\n<style type=\"text\/css\" data-created_by=\"avia_inline_auto\" id=\"style-css-av-kmnkk20s-b9a3ee387a34c3aa69fbae6603b3cf4c\">\n.avia-image-container.av-kmnkk20s-b9a3ee387a34c3aa69fbae6603b3cf4c img.avia_image{\nbox-shadow:none;\n}\n.avia-image-container.av-kmnkk20s-b9a3ee387a34c3aa69fbae6603b3cf4c .av-image-caption-overlay-center{\ncolor:#ffffff;\n}\n<\/style>\n<div  class='avia-image-container av-kmnkk20s-b9a3ee387a34c3aa69fbae6603b3cf4c av-styling- avia-align-center  avia-builder-el-2  el_after_av_textblock  avia-builder-el-last '   itemprop=\"image\" itemscope=\"itemscope\" itemtype=\"https:\/\/schema.org\/ImageObject\" ><div class=\"avia-image-container-inner\"><div class=\"avia-image-overlay-wrap\"><img decoding=\"async\" fetchpriority=\"high\" class='wp-image-221 avia-img-lazy-loading-not-221 avia_image ' src=\"https:\/\/www.thomas-egger.ch\/wp-content\/uploads\/2021\/03\/st.niklaus11-01-2015.jpg\" alt='' title='st.niklaus11-01-2015'  height=\"742\" width=\"990\"  itemprop=\"thumbnailUrl\" srcset=\"https:\/\/www.thomas-egger.ch\/wp-content\/uploads\/2021\/03\/st.niklaus11-01-2015.jpg 990w, https:\/\/www.thomas-egger.ch\/wp-content\/uploads\/2021\/03\/st.niklaus11-01-2015-768x576.jpg 768w, https:\/\/www.thomas-egger.ch\/wp-content\/uploads\/2021\/03\/st.niklaus11-01-2015-705x528.jpg 705w\" sizes=\"(max-width: 990px) 100vw, 990px\" \/><\/div><\/div><\/div><\/p><\/div>\n","protected":false},"excerpt":{"rendered":"","protected":false},"author":4,"featured_media":0,"parent":352,"menu_order":0,"comment_status":"closed","ping_status":"closed","template":"","meta":{"footnotes":""},"class_list":["post-224","page","type-page","status-publish","hentry"],"yoast_head":"<!-- This site is optimized with the Yoast SEO plugin v27.5 - https:\/\/yoast.com\/product\/yoast-seo-wordpress\/ -->\n<title>Le r\u00f4le porteur de l\u2019industrie et de l\u2019artisanat - Thomas Egger<\/title>\n<meta name=\"robots\" content=\"index, follow, max-snippet:-1, max-image-preview:large, max-video-preview:-1\" \/>\n<link rel=\"canonical\" href=\"https:\/\/www.thomas-egger.ch\/fr\/tres-bonnes-connaissances-des-dossiers-politiques\/le-role-porteur-de-lindustrie-et-de-lartisanat\/\" \/>\n<meta property=\"og:locale\" content=\"fr_FR\" \/>\n<meta property=\"og:type\" content=\"article\" \/>\n<meta property=\"og:title\" content=\"Le r\u00f4le porteur de l\u2019industrie et de l\u2019artisanat - Thomas Egger\" \/>\n<meta property=\"og:url\" content=\"https:\/\/www.thomas-egger.ch\/fr\/tres-bonnes-connaissances-des-dossiers-politiques\/le-role-porteur-de-lindustrie-et-de-lartisanat\/\" \/>\n<meta property=\"og:site_name\" content=\"Thomas Egger\" \/>\n<meta property=\"article:modified_time\" content=\"2025-10-16T13:20:49+00:00\" \/>\n<meta name=\"twitter:card\" content=\"summary_large_image\" \/>\n<meta name=\"twitter:label1\" content=\"Dur\u00e9e de lecture estim\u00e9e\" \/>\n\t<meta name=\"twitter:data1\" content=\"2 minutes\" \/>\n<script type=\"application\/ld+json\" class=\"yoast-schema-graph\">{\"@context\":\"https:\\\/\\\/schema.org\",\"@graph\":[{\"@type\":\"WebPage\",\"@id\":\"https:\\\/\\\/www.thomas-egger.ch\\\/fr\\\/tres-bonnes-connaissances-des-dossiers-politiques\\\/le-role-porteur-de-lindustrie-et-de-lartisanat\\\/\",\"url\":\"https:\\\/\\\/www.thomas-egger.ch\\\/fr\\\/tres-bonnes-connaissances-des-dossiers-politiques\\\/le-role-porteur-de-lindustrie-et-de-lartisanat\\\/\",\"name\":\"Le r\u00f4le porteur de l\u2019industrie et de l\u2019artisanat - Thomas Egger\",\"isPartOf\":{\"@id\":\"https:\\\/\\\/www.thomas-egger.ch\\\/fr\\\/#website\"},\"datePublished\":\"2021-03-24T14:57:10+00:00\",\"dateModified\":\"2025-10-16T13:20:49+00:00\",\"breadcrumb\":{\"@id\":\"https:\\\/\\\/www.thomas-egger.ch\\\/fr\\\/tres-bonnes-connaissances-des-dossiers-politiques\\\/le-role-porteur-de-lindustrie-et-de-lartisanat\\\/#breadcrumb\"},\"inLanguage\":\"fr-FR\",\"potentialAction\":[{\"@type\":\"ReadAction\",\"target\":[\"https:\\\/\\\/www.thomas-egger.ch\\\/fr\\\/tres-bonnes-connaissances-des-dossiers-politiques\\\/le-role-porteur-de-lindustrie-et-de-lartisanat\\\/\"]}]},{\"@type\":\"BreadcrumbList\",\"@id\":\"https:\\\/\\\/www.thomas-egger.ch\\\/fr\\\/tres-bonnes-connaissances-des-dossiers-politiques\\\/le-role-porteur-de-lindustrie-et-de-lartisanat\\\/#breadcrumb\",\"itemListElement\":[{\"@type\":\"ListItem\",\"position\":1,\"name\":\"Startseite\",\"item\":\"https:\\\/\\\/www.thomas-egger.ch\\\/fr\\\/home\\\/\"},{\"@type\":\"ListItem\",\"position\":2,\"name\":\"Tr\u00e8s bonnes connaissances des dossiers politiques\",\"item\":\"https:\\\/\\\/www.thomas-egger.ch\\\/fr\\\/tres-bonnes-connaissances-des-dossiers-politiques\\\/\"},{\"@type\":\"ListItem\",\"position\":3,\"name\":\"Le r\u00f4le porteur de l\u2019industrie et de l\u2019artisanat\"}]},{\"@type\":\"WebSite\",\"@id\":\"https:\\\/\\\/www.thomas-egger.ch\\\/fr\\\/#website\",\"url\":\"https:\\\/\\\/www.thomas-egger.ch\\\/fr\\\/\",\"name\":\"Thomas Egger\",\"description\":\"\",\"potentialAction\":[{\"@type\":\"SearchAction\",\"target\":{\"@type\":\"EntryPoint\",\"urlTemplate\":\"https:\\\/\\\/www.thomas-egger.ch\\\/fr\\\/?s={search_term_string}\"},\"query-input\":{\"@type\":\"PropertyValueSpecification\",\"valueRequired\":true,\"valueName\":\"search_term_string\"}}],\"inLanguage\":\"fr-FR\"}]}<\/script>\n<!-- \/ Yoast SEO plugin. -->","yoast_head_json":{"title":"Le r\u00f4le porteur de l\u2019industrie et de l\u2019artisanat - Thomas Egger","robots":{"index":"index","follow":"follow","max-snippet":"max-snippet:-1","max-image-preview":"max-image-preview:large","max-video-preview":"max-video-preview:-1"},"canonical":"https:\/\/www.thomas-egger.ch\/fr\/tres-bonnes-connaissances-des-dossiers-politiques\/le-role-porteur-de-lindustrie-et-de-lartisanat\/","og_locale":"fr_FR","og_type":"article","og_title":"Le r\u00f4le porteur de l\u2019industrie et de l\u2019artisanat - Thomas Egger","og_url":"https:\/\/www.thomas-egger.ch\/fr\/tres-bonnes-connaissances-des-dossiers-politiques\/le-role-porteur-de-lindustrie-et-de-lartisanat\/","og_site_name":"Thomas Egger","article_modified_time":"2025-10-16T13:20:49+00:00","twitter_card":"summary_large_image","twitter_misc":{"Dur\u00e9e de lecture estim\u00e9e":"2 minutes"},"schema":{"@context":"https:\/\/schema.org","@graph":[{"@type":"WebPage","@id":"https:\/\/www.thomas-egger.ch\/fr\/tres-bonnes-connaissances-des-dossiers-politiques\/le-role-porteur-de-lindustrie-et-de-lartisanat\/","url":"https:\/\/www.thomas-egger.ch\/fr\/tres-bonnes-connaissances-des-dossiers-politiques\/le-role-porteur-de-lindustrie-et-de-lartisanat\/","name":"Le r\u00f4le porteur de l\u2019industrie et de l\u2019artisanat - Thomas Egger","isPartOf":{"@id":"https:\/\/www.thomas-egger.ch\/fr\/#website"},"datePublished":"2021-03-24T14:57:10+00:00","dateModified":"2025-10-16T13:20:49+00:00","breadcrumb":{"@id":"https:\/\/www.thomas-egger.ch\/fr\/tres-bonnes-connaissances-des-dossiers-politiques\/le-role-porteur-de-lindustrie-et-de-lartisanat\/#breadcrumb"},"inLanguage":"fr-FR","potentialAction":[{"@type":"ReadAction","target":["https:\/\/www.thomas-egger.ch\/fr\/tres-bonnes-connaissances-des-dossiers-politiques\/le-role-porteur-de-lindustrie-et-de-lartisanat\/"]}]},{"@type":"BreadcrumbList","@id":"https:\/\/www.thomas-egger.ch\/fr\/tres-bonnes-connaissances-des-dossiers-politiques\/le-role-porteur-de-lindustrie-et-de-lartisanat\/#breadcrumb","itemListElement":[{"@type":"ListItem","position":1,"name":"Startseite","item":"https:\/\/www.thomas-egger.ch\/fr\/home\/"},{"@type":"ListItem","position":2,"name":"Tr\u00e8s bonnes connaissances des dossiers politiques","item":"https:\/\/www.thomas-egger.ch\/fr\/tres-bonnes-connaissances-des-dossiers-politiques\/"},{"@type":"ListItem","position":3,"name":"Le r\u00f4le porteur de l\u2019industrie et de l\u2019artisanat"}]},{"@type":"WebSite","@id":"https:\/\/www.thomas-egger.ch\/fr\/#website","url":"https:\/\/www.thomas-egger.ch\/fr\/","name":"Thomas Egger","description":"","potentialAction":[{"@type":"SearchAction","target":{"@type":"EntryPoint","urlTemplate":"https:\/\/www.thomas-egger.ch\/fr\/?s={search_term_string}"},"query-input":{"@type":"PropertyValueSpecification","valueRequired":true,"valueName":"search_term_string"}}],"inLanguage":"fr-FR"}]}},"_links":{"self":[{"href":"https:\/\/www.thomas-egger.ch\/fr\/wp-json\/wp\/v2\/pages\/224","targetHints":{"allow":["GET"]}}],"collection":[{"href":"https:\/\/www.thomas-egger.ch\/fr\/wp-json\/wp\/v2\/pages"}],"about":[{"href":"https:\/\/www.thomas-egger.ch\/fr\/wp-json\/wp\/v2\/types\/page"}],"author":[{"embeddable":true,"href":"https:\/\/www.thomas-egger.ch\/fr\/wp-json\/wp\/v2\/users\/4"}],"replies":[{"embeddable":true,"href":"https:\/\/www.thomas-egger.ch\/fr\/wp-json\/wp\/v2\/comments?post=224"}],"version-history":[{"count":8,"href":"https:\/\/www.thomas-egger.ch\/fr\/wp-json\/wp\/v2\/pages\/224\/revisions"}],"predecessor-version":[{"id":3725,"href":"https:\/\/www.thomas-egger.ch\/fr\/wp-json\/wp\/v2\/pages\/224\/revisions\/3725"}],"up":[{"embeddable":true,"href":"https:\/\/www.thomas-egger.ch\/fr\/wp-json\/wp\/v2\/pages\/352"}],"wp:attachment":[{"href":"https:\/\/www.thomas-egger.ch\/fr\/wp-json\/wp\/v2\/media?parent=224"}],"curies":[{"name":"wp","href":"https:\/\/api.w.org\/{rel}","templated":true}]}}