{"id":327,"date":"2021-03-24T16:46:17","date_gmt":"2021-03-24T15:46:17","guid":{"rendered":"https:\/\/neu.thomas-egger.ch\/politique-internationale\/"},"modified":"2021-03-29T13:34:43","modified_gmt":"2021-03-29T11:34:43","slug":"politique-internationale","status":"publish","type":"page","link":"https:\/\/www.thomas-egger.ch\/fr\/tres-bonnes-connaissances-des-dossiers-politiques\/politique-internationale\/","title":{"rendered":"Politique internationale"},"content":{"rendered":"\n<style type=\"text\/css\" data-created_by=\"avia_inline_auto\" id=\"style-css-av-7hbgq-049ccd8d1c00cbf0e69805d5e1435a8c\">\n.flex_column.av-7hbgq-049ccd8d1c00cbf0e69805d5e1435a8c{\nborder-radius:0px 0px 0px 0px;\npadding:0px 0px 0px 0px;\n}\n<\/style>\n<div  class='flex_column av-7hbgq-049ccd8d1c00cbf0e69805d5e1435a8c av_two_third  avia-builder-el-0  avia-builder-el-no-sibling  first flex_column_div av-zero-column-padding  '     ><section  class='av_textblock_section av-kmnmbhiz-f18e1e2b7aec23642466c4b39c4fa6e8 '   itemscope=\"itemscope\" itemtype=\"https:\/\/schema.org\/CreativeWork\" ><div class='avia_textblock'  itemprop=\"text\" ><h2>Politique internationale<\/h2>\n<p>La Suisse est \u00e9troitement li\u00e9e avec les pays europ\u00e9ens et travaille avec l&rsquo;Union Europ\u00e9enne dans beaucoup de domaines. Aussi les r\u00e9gions de montagne collaborent intensivement au niveau international, p.ex. au sein de l&rsquo;association Euromontana. Dans l&rsquo;espace alpin, il y a de nombreuses coop\u00e9rations telles que la Convention alpine, la Macror\u00e9gion des Alpes, le programme espace alpin et le r\u00e9seau de communes \u00ab\u00a0Alliance dans les Alpes\u00a0\u00bb. Cette bonne collaboration doit \u00eatre poursuivie aussi \u00e0 l&rsquo;avenir. Par contre, il n&rsquo;est pas question que la Suisse entre dans l&rsquo;UE ou reprenne simplement le droit europ\u00e9en.<\/p>\n<ul>\n<li>4 novembre 2020:\u00a0La Strat\u00e9gie macror\u00e9gionale pour la r\u00e9gion alpine SUERA &#8211; c&rsquo;est qoui?\u00a0<a href=\"https:\/\/www.youtube.com\/watch?v=8heQxSkl7-k&amp;feature=emb_title\" target=\"_blank\" rel=\"noopener\">Expos\u00e9<\/a>\u00a0(en anglais) lors d&rsquo;une conf\u00e9rence online organis\u00e9e par Interact.<\/li>\n<li>2 Novembre 2020:\u00a0L&rsquo;importance de la coop\u00e9ration internationale pour les r\u00e9gions de montagne.\u00a0<a href=\"https:\/\/www.thomas-egger.ch\/wp-content\/uploads\/2021\/03\/artikel-1-1.pdf\" target=\"_blank\" rel=\"noopener\">Article<\/a>\u00a0dans la revue Montagna.<\/li>\n<li>28 et 29 novembre 2019:\u00a0Forum annuel de la Strat\u00e9gie macror\u00e9gionale pour les Alpes \u00e0 Milan avec:<br \/>\n&#8211; pr\u00e9sentation des r\u00e9sultats sur le\u00a0<a href=\"https:\/\/www.alpine-region.eu\/projects\/arpaf-crossborder\" target=\"_blank\" rel=\"noopener\">projet<\/a>\u00a0concernant les flux des pendulaires dans l&rsquo;espace alpin;<br \/>\n&#8211; pr\u00e9sentation de l&rsquo;approche\u00a0<a href=\"https:\/\/www.alpine-space.eu\/projects\/smartvillages\/en\/home\" target=\"_blank\" rel=\"noopener\">Smart villages<\/a>;<br \/>\n&#8211; discussion sur les 3 ann\u00e9es \u00e0 venir (AlpGov 2).<\/li>\n<li>30 octobre 2019:\u00a0Journ\u00e9e\u00a0<a href=\"https:\/\/regiosuisse.ch\/fr\/journee-interreg-cooperation-transfrontaliere-cles-du-succes\" target=\"_blank\" rel=\"noopener\">Interreg<\/a>\u00a0sur la coop\u00e9ration transfrontali\u00e8re \u00e0 Berne.<\/li>\n<li>Debat concernant le rapport Suisse &#8211; UE dans\u00a0<a href=\"http:\/\/kanal9.ch\/fokus-vom-08-10-2015\/\" target=\"_blank\" rel=\"noopener\">Fokus<\/a>\u00a0sur Kanal9.<\/li>\n<li>Mon opinion concernant la\u00a0<a href=\"https:\/\/www.youtube.com\/watch?v=knKddrR43gE&amp;feature=youtu.be&amp;t=1h45m43s\" target=\"_blank\" rel=\"noopener\">Macror\u00e9gion alpine<\/a>\u00a0lors de la Conf\u00e9rence de Milan du 2 d\u00e9cembre 2014\u00a0(en Anglais).<\/li>\n<li>Site internet de la strat\u00e9gie macror\u00e9gionale des Alpes\u00a0<a href=\"http:\/\/www.alpine-region.eu\/\" target=\"_blank\" rel=\"noopener\">SUERA<\/a>\u00a0et lien direct sur le\u00a0<a href=\"http:\/\/www.alpine-region.eu\/action-group-5\" target=\"_blank\" rel=\"noopener\">groupe d&rsquo;action<\/a>\u00a0que je pilote.<\/li>\n<\/ul>\n<\/div><\/section><br \/>\n\n<style type=\"text\/css\" data-created_by=\"avia_inline_auto\" id=\"style-css-av-kmnmbqte-d95009ac47731b5969d981b465710336\">\n.avia-image-container.av-kmnmbqte-d95009ac47731b5969d981b465710336 img.avia_image{\nbox-shadow:none;\n}\n.avia-image-container.av-kmnmbqte-d95009ac47731b5969d981b465710336 .av-image-caption-overlay-center{\ncolor:#ffffff;\n}\n<\/style>\n<div  class='avia-image-container av-kmnmbqte-d95009ac47731b5969d981b465710336 av-styling- avia-align-center  avia-builder-el-2  el_after_av_textblock  avia-builder-el-last '   itemprop=\"image\" itemscope=\"itemscope\" itemtype=\"https:\/\/schema.org\/ImageObject\" ><div class=\"avia-image-container-inner\"><div class=\"avia-image-overlay-wrap\"><img decoding=\"async\" fetchpriority=\"high\" class='wp-image-324 avia-img-lazy-loading-not-324 avia_image ' src=\"https:\/\/www.thomas-egger.ch\/wp-content\/uploads\/2021\/03\/perimetermakroregion.jpg\" alt='' title='perimetermakroregion'  height=\"642\" width=\"990\"  itemprop=\"thumbnailUrl\" srcset=\"https:\/\/www.thomas-egger.ch\/wp-content\/uploads\/2021\/03\/perimetermakroregion.jpg 990w, https:\/\/www.thomas-egger.ch\/wp-content\/uploads\/2021\/03\/perimetermakroregion-768x498.jpg 768w, https:\/\/www.thomas-egger.ch\/wp-content\/uploads\/2021\/03\/perimetermakroregion-705x457.jpg 705w\" sizes=\"(max-width: 990px) 100vw, 990px\" \/><\/div><\/div><\/div><\/p><\/div>\n","protected":false},"excerpt":{"rendered":"","protected":false},"author":4,"featured_media":0,"parent":352,"menu_order":0,"comment_status":"closed","ping_status":"closed","template":"","meta":{"footnotes":""},"class_list":["post-327","page","type-page","status-publish","hentry"],"yoast_head":"<!-- This site is optimized with the Yoast SEO plugin v27.5 - https:\/\/yoast.com\/product\/yoast-seo-wordpress\/ -->\n<title>Politique internationale - Thomas Egger<\/title>\n<meta name=\"robots\" content=\"index, follow, max-snippet:-1, max-image-preview:large, max-video-preview:-1\" \/>\n<link rel=\"canonical\" href=\"https:\/\/www.thomas-egger.ch\/fr\/tres-bonnes-connaissances-des-dossiers-politiques\/politique-internationale\/\" \/>\n<meta property=\"og:locale\" content=\"fr_FR\" \/>\n<meta property=\"og:type\" content=\"article\" \/>\n<meta property=\"og:title\" content=\"Politique internationale - Thomas Egger\" \/>\n<meta property=\"og:url\" content=\"https:\/\/www.thomas-egger.ch\/fr\/tres-bonnes-connaissances-des-dossiers-politiques\/politique-internationale\/\" \/>\n<meta property=\"og:site_name\" content=\"Thomas Egger\" \/>\n<meta property=\"article:modified_time\" content=\"2021-03-29T11:34:43+00:00\" \/>\n<meta name=\"twitter:card\" content=\"summary_large_image\" \/>\n<meta name=\"twitter:label1\" content=\"Dur\u00e9e de lecture estim\u00e9e\" \/>\n\t<meta name=\"twitter:data1\" content=\"3 minutes\" \/>\n<script type=\"application\/ld+json\" class=\"yoast-schema-graph\">{\"@context\":\"https:\\\/\\\/schema.org\",\"@graph\":[{\"@type\":\"WebPage\",\"@id\":\"https:\\\/\\\/www.thomas-egger.ch\\\/fr\\\/tres-bonnes-connaissances-des-dossiers-politiques\\\/politique-internationale\\\/\",\"url\":\"https:\\\/\\\/www.thomas-egger.ch\\\/fr\\\/tres-bonnes-connaissances-des-dossiers-politiques\\\/politique-internationale\\\/\",\"name\":\"Politique internationale - Thomas Egger\",\"isPartOf\":{\"@id\":\"https:\\\/\\\/www.thomas-egger.ch\\\/fr\\\/#website\"},\"datePublished\":\"2021-03-24T15:46:17+00:00\",\"dateModified\":\"2021-03-29T11:34:43+00:00\",\"breadcrumb\":{\"@id\":\"https:\\\/\\\/www.thomas-egger.ch\\\/fr\\\/tres-bonnes-connaissances-des-dossiers-politiques\\\/politique-internationale\\\/#breadcrumb\"},\"inLanguage\":\"fr-FR\",\"potentialAction\":[{\"@type\":\"ReadAction\",\"target\":[\"https:\\\/\\\/www.thomas-egger.ch\\\/fr\\\/tres-bonnes-connaissances-des-dossiers-politiques\\\/politique-internationale\\\/\"]}]},{\"@type\":\"BreadcrumbList\",\"@id\":\"https:\\\/\\\/www.thomas-egger.ch\\\/fr\\\/tres-bonnes-connaissances-des-dossiers-politiques\\\/politique-internationale\\\/#breadcrumb\",\"itemListElement\":[{\"@type\":\"ListItem\",\"position\":1,\"name\":\"Startseite\",\"item\":\"https:\\\/\\\/www.thomas-egger.ch\\\/fr\\\/home\\\/\"},{\"@type\":\"ListItem\",\"position\":2,\"name\":\"Tr\u00e8s bonnes connaissances des dossiers politiques\",\"item\":\"https:\\\/\\\/www.thomas-egger.ch\\\/fr\\\/tres-bonnes-connaissances-des-dossiers-politiques\\\/\"},{\"@type\":\"ListItem\",\"position\":3,\"name\":\"Politique internationale\"}]},{\"@type\":\"WebSite\",\"@id\":\"https:\\\/\\\/www.thomas-egger.ch\\\/fr\\\/#website\",\"url\":\"https:\\\/\\\/www.thomas-egger.ch\\\/fr\\\/\",\"name\":\"Thomas Egger\",\"description\":\"\",\"potentialAction\":[{\"@type\":\"SearchAction\",\"target\":{\"@type\":\"EntryPoint\",\"urlTemplate\":\"https:\\\/\\\/www.thomas-egger.ch\\\/fr\\\/?s={search_term_string}\"},\"query-input\":{\"@type\":\"PropertyValueSpecification\",\"valueRequired\":true,\"valueName\":\"search_term_string\"}}],\"inLanguage\":\"fr-FR\"}]}<\/script>\n<!-- \/ Yoast SEO plugin. -->","yoast_head_json":{"title":"Politique internationale - Thomas Egger","robots":{"index":"index","follow":"follow","max-snippet":"max-snippet:-1","max-image-preview":"max-image-preview:large","max-video-preview":"max-video-preview:-1"},"canonical":"https:\/\/www.thomas-egger.ch\/fr\/tres-bonnes-connaissances-des-dossiers-politiques\/politique-internationale\/","og_locale":"fr_FR","og_type":"article","og_title":"Politique internationale - Thomas Egger","og_url":"https:\/\/www.thomas-egger.ch\/fr\/tres-bonnes-connaissances-des-dossiers-politiques\/politique-internationale\/","og_site_name":"Thomas Egger","article_modified_time":"2021-03-29T11:34:43+00:00","twitter_card":"summary_large_image","twitter_misc":{"Dur\u00e9e de lecture estim\u00e9e":"3 minutes"},"schema":{"@context":"https:\/\/schema.org","@graph":[{"@type":"WebPage","@id":"https:\/\/www.thomas-egger.ch\/fr\/tres-bonnes-connaissances-des-dossiers-politiques\/politique-internationale\/","url":"https:\/\/www.thomas-egger.ch\/fr\/tres-bonnes-connaissances-des-dossiers-politiques\/politique-internationale\/","name":"Politique internationale - Thomas Egger","isPartOf":{"@id":"https:\/\/www.thomas-egger.ch\/fr\/#website"},"datePublished":"2021-03-24T15:46:17+00:00","dateModified":"2021-03-29T11:34:43+00:00","breadcrumb":{"@id":"https:\/\/www.thomas-egger.ch\/fr\/tres-bonnes-connaissances-des-dossiers-politiques\/politique-internationale\/#breadcrumb"},"inLanguage":"fr-FR","potentialAction":[{"@type":"ReadAction","target":["https:\/\/www.thomas-egger.ch\/fr\/tres-bonnes-connaissances-des-dossiers-politiques\/politique-internationale\/"]}]},{"@type":"BreadcrumbList","@id":"https:\/\/www.thomas-egger.ch\/fr\/tres-bonnes-connaissances-des-dossiers-politiques\/politique-internationale\/#breadcrumb","itemListElement":[{"@type":"ListItem","position":1,"name":"Startseite","item":"https:\/\/www.thomas-egger.ch\/fr\/home\/"},{"@type":"ListItem","position":2,"name":"Tr\u00e8s bonnes connaissances des dossiers politiques","item":"https:\/\/www.thomas-egger.ch\/fr\/tres-bonnes-connaissances-des-dossiers-politiques\/"},{"@type":"ListItem","position":3,"name":"Politique internationale"}]},{"@type":"WebSite","@id":"https:\/\/www.thomas-egger.ch\/fr\/#website","url":"https:\/\/www.thomas-egger.ch\/fr\/","name":"Thomas Egger","description":"","potentialAction":[{"@type":"SearchAction","target":{"@type":"EntryPoint","urlTemplate":"https:\/\/www.thomas-egger.ch\/fr\/?s={search_term_string}"},"query-input":{"@type":"PropertyValueSpecification","valueRequired":true,"valueName":"search_term_string"}}],"inLanguage":"fr-FR"}]}},"_links":{"self":[{"href":"https:\/\/www.thomas-egger.ch\/fr\/wp-json\/wp\/v2\/pages\/327","targetHints":{"allow":["GET"]}}],"collection":[{"href":"https:\/\/www.thomas-egger.ch\/fr\/wp-json\/wp\/v2\/pages"}],"about":[{"href":"https:\/\/www.thomas-egger.ch\/fr\/wp-json\/wp\/v2\/types\/page"}],"author":[{"embeddable":true,"href":"https:\/\/www.thomas-egger.ch\/fr\/wp-json\/wp\/v2\/users\/4"}],"replies":[{"embeddable":true,"href":"https:\/\/www.thomas-egger.ch\/fr\/wp-json\/wp\/v2\/comments?post=327"}],"version-history":[{"count":4,"href":"https:\/\/www.thomas-egger.ch\/fr\/wp-json\/wp\/v2\/pages\/327\/revisions"}],"predecessor-version":[{"id":1142,"href":"https:\/\/www.thomas-egger.ch\/fr\/wp-json\/wp\/v2\/pages\/327\/revisions\/1142"}],"up":[{"embeddable":true,"href":"https:\/\/www.thomas-egger.ch\/fr\/wp-json\/wp\/v2\/pages\/352"}],"wp:attachment":[{"href":"https:\/\/www.thomas-egger.ch\/fr\/wp-json\/wp\/v2\/media?parent=327"}],"curies":[{"name":"wp","href":"https:\/\/api.w.org\/{rel}","templated":true}]}}